{"id":22910,"date":"2022-01-18T10:09:04","date_gmt":"2022-01-18T10:09:04","guid":{"rendered":"https:\/\/eshop.medical10.es\/politica-de-privacidad\/"},"modified":"2023-05-19T12:48:59","modified_gmt":"2023-05-19T12:48:59","slug":"politica-de-privacidade","status":"publish","type":"page","link":"https:\/\/eshop.alphabio-iberia.com\/pt-pt\/politica-privacidade\/","title":{"rendered":"Pol\u00edtica de Privacidade"},"content":{"rendered":"\t\t<div data-elementor-type=\"wp-page\" data-elementor-id=\"22910\" class=\"elementor elementor-22910 elementor-12842\" data-elementor-post-type=\"page\">\n\t\t\t\t\t\t<section class=\"elementor-section elementor-top-section elementor-element elementor-element-651e1e5 elementor-section-content-middle elementor-section-boxed elementor-section-height-default elementor-section-height-default\" data-id=\"651e1e5\" data-element_type=\"section\" data-settings=\"{&quot;background_background&quot;:&quot;classic&quot;}\">\n\t\t\t\t\t\t\t<div class=\"elementor-background-overlay\"><\/div>\n\t\t\t\t\t\t\t<div class=\"elementor-container elementor-column-gap-default\">\n\t\t\t\t\t<div class=\"elementor-column elementor-col-100 elementor-top-column elementor-element elementor-element-4c26a0d\" data-id=\"4c26a0d\" data-element_type=\"column\">\n\t\t\t<div class=\"elementor-widget-wrap elementor-element-populated\">\n\t\t\t\t\t\t<div class=\"elementor-element elementor-element-2aa77c0 elementor-widget elementor-widget-heading\" data-id=\"2aa77c0\" data-element_type=\"widget\" data-widget_type=\"heading.default\">\n\t\t\t\t<div class=\"elementor-widget-container\">\n\t\t\t<h2 class=\"elementor-heading-title elementor-size-large\">Pol\u00edtica de privacidade<\/h2>\t\t<\/div>\n\t\t\t\t<\/div>\n\t\t\t\t\t<\/div>\n\t\t<\/div>\n\t\t\t\t\t<\/div>\n\t\t<\/section>\n\t\t\t\t<section class=\"elementor-section elementor-top-section elementor-element elementor-element-896669d elementor-section-boxed elementor-section-height-default elementor-section-height-default\" data-id=\"896669d\" data-element_type=\"section\">\n\t\t\t\t\t\t<div class=\"elementor-container elementor-column-gap-default\">\n\t\t\t\t\t<div class=\"elementor-column elementor-col-100 elementor-top-column elementor-element elementor-element-576c1fe\" data-id=\"576c1fe\" data-element_type=\"column\">\n\t\t\t<div class=\"elementor-widget-wrap elementor-element-populated\">\n\t\t\t\t\t\t<div class=\"elementor-element elementor-element-b216da8 elementor-widget elementor-widget-text-editor\" data-id=\"b216da8\" data-element_type=\"widget\" data-widget_type=\"text-editor.default\">\n\t\t\t\t<div class=\"elementor-widget-container\">\n\t\t\t\t\t\t\t<p>A Pol\u00edtica de Privacidade faz parte das Condi\u00e7\u00f5es Gerais que regem este s\u00edtio Web.<\/p><p><strong>Quem \u00e9 o respons\u00e1vel pelo tratamento dos seus dados?<\/strong><\/p><p>Medical 10 S.L. CIF: B93069425<\/p><p>Endere\u00e7o: Camino de San Rafael 119-121, C.P. 29006, de M\u00e1laga.<\/p><p>Telefone: 951 335 707<\/p><p>Correio electr\u00f3nico: <a href=\"mailto:contacto@medical10.es\">contacto@medical10.es<\/a><\/p><p>Pode contactar-nos da forma que desejar.<\/p><p>Reservamo-nos o direito de modificar ou adaptar a presente Pol\u00edtica de Privacidade em qualquer altura. Recomendamos que a reveja e, caso se tenha registado e aceda \u00e0 sua conta ou perfil, ser\u00e1 informado das modifica\u00e7\u00f5es.<\/p><p><strong>Inclu\u00edmos dados pessoais de terceiros?<\/strong><\/p><p>N\u00e3o, regra geral, apenas processamos os dados fornecidos pelos propriet\u00e1rios. Se nos fornecer dados de terceiros, deve informar previamente e solicitar o seu consentimento, caso contr\u00e1rio estamos isentos de qualquer responsabilidade pelo incumprimento deste requisito.<\/p><p><strong>E quanto aos dados de menores?<\/strong><\/p><p>Os produtos destinam-se a adultos, pelo que deve abster-se de os fornecer se tiver menos de 18 anos de idade.<\/p><p><strong>Vamos comunicar consigo por meios electr\u00f3nicos?<\/strong><\/p><ul><li>Apenas o faremos para processar o seu pedido, se este for um dos meios de contacto que nos forneceu.<\/li><li>Se enviarmos comunica\u00e7\u00f5es comerciais, estas ter\u00e3o sido pr\u00e9via e expressamente autorizadas pelo utilizador.<\/li><\/ul><p><strong>Que medidas de seguran\u00e7a aplicamos?<\/strong><\/p><p>Pode ficar descansado: adopt\u00e1mos um n\u00edvel de protec\u00e7\u00e3o \u00f3ptimo para os Dados Pessoais que tratamos e instal\u00e1mos todos os meios e medidas t\u00e9cnicas ao nosso alcance, de acordo com o estado da tecnologia, para evitar a perda, utiliza\u00e7\u00e3o indevida, altera\u00e7\u00e3o, acesso n\u00e3o autorizado e roubo de Dados Pessoais.<\/p><p><strong>A que destinat\u00e1rios ser\u00e3o comunicados os seus dados?<\/strong><\/p><p>Os seus dados n\u00e3o ser\u00e3o transmitidos a terceiros, excepto se a tal for legalmente obrigado. Especificamente, ser\u00e3o comunicados \u00e0 Ag\u00eancia Estatal de Administra\u00e7\u00e3o Tribut\u00e1ria e aos bancos e institui\u00e7\u00f5es financeiras para a cobran\u00e7a do servi\u00e7o prestado ou do produto adquirido, bem como aos processadores de dados necess\u00e1rios para a execu\u00e7\u00e3o do contrato.<\/p><p>Em caso de compra ou pagamento, se escolher alguma aplica\u00e7\u00e3o, site, plataforma, cart\u00e3o banc\u00e1rio ou qualquer outro servi\u00e7o online, os seus dados ser\u00e3o transferidos para essa plataforma ou ser\u00e3o processados no seu ambiente, sempre com a m\u00e1xima seguran\u00e7a.<\/p><p>Quando o encomendamos, a empresa de desenvolvimento e manuten\u00e7\u00e3o web ou a empresa de alojamento ter\u00e1 acesso ao nosso s\u00edtio Web. Eles ter\u00e3o assinado um contrato de servi\u00e7o que os obriga a manter o mesmo n\u00edvel de privacidade que n\u00f3s.<\/p><p>Qualquer transfer\u00eancia internacional de dados quando se utilizam aplica\u00e7\u00f5es americanas estar\u00e1 sujeita ao acordo Privacy Shield, que garante que as empresas de software americanas cumprem as pol\u00edticas europeias de protec\u00e7\u00e3o de dados em mat\u00e9ria de privacidade.<\/p><p><strong>Quais s\u00e3o os seus direitos?<\/strong><\/p><ul><li>Saber se estamos ou n\u00e3o a processar os seus dados.<\/li><li>Aceder aos seus dados pessoais.<\/li><li>Solicitar a rectifica\u00e7\u00e3o dos seus dados se estiverem incorrectos.<\/li><li>Pedir a supress\u00e3o dos seus dados se estes j\u00e1 n\u00e3o forem necess\u00e1rios para os fins para que foram recolhidos ou se retirar o seu consentimento.<\/li><li>Solicitar a limita\u00e7\u00e3o do tratamento dos seus dados, em determinados casos, caso em que apenas os conservaremos em conformidade com a regulamenta\u00e7\u00e3o em vigor.<\/li><li>Para apresentar os seus dados, que lhe ser\u00e3o fornecidos num formato estruturado, de uso corrente ou de leitura \u00f3ptica. Se preferir, podemos envi\u00e1-los ao novo respons\u00e1vel pelo tratamento de dados que designar. Isto s\u00f3 \u00e9 v\u00e1lido em determinados casos.<\/li><li>Apresentar uma queixa \u00e0 Ag\u00eancia Espanhola de Protec\u00e7\u00e3o de Dados se considerar que n\u00e3o o atendemos correctamente.<\/li><li>Revogar o consentimento para qualquer tratamento para o qual tenha dado o seu consentimento, em qualquer altura.<\/li><\/ul><p>Se modificar algum dado, por favor informe-nos para que possamos mant\u00ea-lo actualizado.<\/p><p><strong>Deseja um formul\u00e1rio para exercer os seus direitos?<\/strong><\/p><ul><li>Dispomos de formul\u00e1rios para o exerc\u00edcio dos seus direitos, solicite-nos por correio electr\u00f3nico ou, se preferir, pode utilizar os formul\u00e1rios elaborados pela Ag\u00eancia Espanhola de Protec\u00e7\u00e3o de Dados ou por terceiros.<\/li><li>Estes formul\u00e1rios devem ser assinados electronicamente ou acompanhados de uma fotoc\u00f3pia do seu bilhete de identidade.<\/li><li>Se for representado por algu\u00e9m, deve anexar uma c\u00f3pia do seu DNI ou pedir-lhe que o assine electronicamente.<\/li><li>Os formul\u00e1rios podem ser apresentados pessoalmente, enviados por carta ou por correio para o endere\u00e7o da pessoa respons\u00e1vel indicado no in\u00edcio do presente texto.<\/li><\/ul><p><strong>Quanto tempo \u00e9 que demoramos a responder ao Exerc\u00edcio dos Direitos?<\/strong><\/p><p>Depende do direito, mas o prazo m\u00e1ximo \u00e9 de um m\u00eas a contar do seu pedido, e de dois meses se a quest\u00e3o for muito complexa e o notificarmos de que necessitamos de mais tempo.<\/p><p><strong>Durante quanto tempo conservaremos os seus dados pessoais?<\/strong><\/p><ul><li>Os dados pessoais ser\u00e3o conservados enquanto mantiver a sua liga\u00e7\u00e3o connosco.<\/li><li>Ap\u00f3s a sua desvincula\u00e7\u00e3o, os dados pessoais tratados para cada finalidade ser\u00e3o conservados durante os prazos legalmente previstos, incluindo o per\u00edodo em que um juiz ou tribunal os possa exigir, de acordo com os prazos de prescri\u00e7\u00e3o das ac\u00e7\u00f5es judiciais.<\/li><li>Os dados tratados ser\u00e3o conservados at\u00e9 ao termo dos prazos legais acima referidos, caso exista uma obriga\u00e7\u00e3o legal de os conservar, ou, caso n\u00e3o exista tal prazo legal, at\u00e9 que o interessado solicite a sua elimina\u00e7\u00e3o ou revogue o consentimento concedido.<\/li><li>Conservaremos todas as informa\u00e7\u00f5es e comunica\u00e7\u00f5es relativas \u00e0 sua compra ou \u00e0 presta\u00e7\u00e3o do nosso servi\u00e7o, durante o per\u00edodo de garantia dos produtos ou servi\u00e7os, a fim de atender a poss\u00edveis reclama\u00e7\u00f5es.<\/li><li>Para cada tratamento ou tipo de dados, fornecemos-lhe um per\u00edodo espec\u00edfico, que pode consultar na tabela seguinte:<\/li><\/ul><table width=\"1175\"><tbody><tr><td width=\"92\">FICHEIRO<\/td><td width=\"349\">DOCUMENTO<\/td><td width=\"192\">CONSERVA\u00c7\u00c3O<\/td><\/tr><tr><td rowspan=\"3\" width=\"92\"><strong>Clientes<\/strong><\/td><td width=\"349\">Facturas<\/td><td width=\"192\">10 anos<\/td><\/tr><tr><td width=\"349\">Formul\u00e1rios e cup\u00f5es<\/td><td width=\"192\">15 anos<\/td><\/tr><tr><td width=\"349\">Contratos<\/td><td width=\"192\">5 anos<\/td><\/tr><tr><td rowspan=\"6\" width=\"92\"><strong>Recursos Humanos<\/strong><\/td><td width=\"349\">Folhas de pagamento, TC1, TC2, etc.<\/td><td width=\"192\">10 anos<\/td><\/tr><tr><td width=\"349\">CVs<\/td><td width=\"192\">At\u00e9 ao final do processo de selec\u00e7\u00e3o, e mais 1 ano com o seu consentimento.<\/td><\/tr><tr><td width=\"349\">Documentos de indemniza\u00e7\u00e3o por despedimento.<\/td><td rowspan=\"3\" width=\"192\">4 anos<\/td><\/tr><tr><td width=\"349\">Contratos.<\/td><\/tr><tr><td width=\"349\">Dados sobre os trabalhadores tempor\u00e1rios.<\/td><\/tr><tr><td width=\"349\">Ficheiro de trabalhador.<\/td><td width=\"192\">At\u00e9 5 anos ap\u00f3s a baixa por doen\u00e7a.<\/td><\/tr><tr><td width=\"92\"><strong>M\u00e1rketing<\/strong><\/td><td width=\"349\">Bases de dados ou visitantes da Web.<\/td><td width=\"192\">Durante a dura\u00e7\u00e3o do tratamento.<\/td><\/tr><tr><td rowspan=\"2\" width=\"92\"><strong>Fornecedores<\/strong><\/td><td width=\"349\">Facturas<\/td><td width=\"192\">10 anos<\/td><\/tr><tr><td width=\"349\">Contratos<\/td><td width=\"192\">5 anos<\/td><\/tr><tr><td rowspan=\"3\" width=\"92\"><strong>Controlo de acesso e videovigil\u00e2ncia<\/strong><\/td><td width=\"349\">Lista de visitantes.<\/td><td width=\"192\">30 dias<\/td><\/tr><tr><td rowspan=\"2\" width=\"349\">V\u00eddeos<\/td><td width=\"192\">30 dias bloqueio<\/td><\/tr><tr><td width=\"192\">3 anos de destrui\u00e7\u00e3o<\/td><\/tr><tr><td rowspan=\"4\" width=\"92\"><strong>Contabilidade<\/strong><\/td><td width=\"349\">Livros e documentos contabil\u00edsticos.<\/td><td rowspan=\"4\" width=\"192\">6 anos<\/td><\/tr><tr><td width=\"349\">Acordos parassociais e conselhos de administra\u00e7\u00e3o, estatutos, actas, regulamentos do conselho de administra\u00e7\u00e3o e das comiss\u00f5es delegadas.<\/td><\/tr><tr><td width=\"349\">Demonstra\u00e7\u00f5es financeiras, relat\u00f3rios de auditoria.<\/td><\/tr><tr><td width=\"349\">Registos e documentos relativos a subven\u00e7\u00f5es.<\/td><\/tr><tr><td rowspan=\"4\" width=\"92\"><strong>procurador<\/strong><\/td><td width=\"349\">Gest\u00e3o da administra\u00e7\u00e3o da empresa, direitos e obriga\u00e7\u00f5es relativos ao pagamento de impostos.<\/td><td rowspan=\"2\" width=\"192\">10 anos<\/td><\/tr><tr><td width=\"349\">Gest\u00e3o dos pagamentos de dividendos e das reten\u00e7\u00f5es na fonte.<\/td><\/tr><tr><td rowspan=\"2\" width=\"349\">Informa\u00e7\u00f5es sobre estabelecimentos de pre\u00e7os intragrupo.<\/td><td width=\"192\">18 anos<\/td><\/tr><tr><td width=\"192\">8 anos para transac\u00e7\u00f5es intragrupo para acordos de pre\u00e7os.<\/td><\/tr><tr><td width=\"92\"><strong>Sa\u00fade e seguran\u00e7a<\/strong><\/td><td width=\"349\">Registos m\u00e9dicos dos trabalhadores.<\/td><td width=\"192\">5 anos<\/td><\/tr><tr><td rowspan=\"6\" width=\"92\"><strong>Meio ambiente<\/strong><\/td><td width=\"349\">Informa\u00e7\u00f5es sobre subst\u00e2ncias qu\u00edmicas ou substancialmente perigosas.<\/td><td width=\"192\">10 anos<\/td><\/tr><tr><td rowspan=\"2\" width=\"349\">Documentos relativos a licen\u00e7as ambientais Enquanto a actividade for exercida.<\/td><td width=\"192\">3 anos ap\u00f3s o encerramento da actividade.<\/td><\/tr><tr><td width=\"192\">10 anos (prescri\u00e7\u00e3o infrac\u00e7\u00e3o).<\/td><\/tr><tr><td width=\"349\">Registos sobre reciclagem ou elimina\u00e7\u00e3o de res\u00edduos.<\/td><td width=\"192\">3 anos<\/td><\/tr><tr><td width=\"349\">Os subs\u00eddios para opera\u00e7\u00f5es de limpeza devem conservar registos dos direitos e obriga\u00e7\u00f5es, recibos e pagamentos.<\/td><td width=\"192\">4 anos<\/td><\/tr><tr><td width=\"349\">Relat\u00f3rios de acidentes.<\/td><td width=\"192\">5 anos<\/td><\/tr><tr><td rowspan=\"4\" width=\"92\"><strong>Seguros<\/strong><\/td><td rowspan=\"4\" width=\"349\">Ap\u00f3lices de seguro.<\/td><td width=\"192\">6 anos (regra geral)<\/td><\/tr><tr><td width=\"192\">2 anos (danos)<\/td><\/tr><tr><td width=\"192\">5 anos (pessoal)<\/td><\/tr><tr><td width=\"192\">10 anos (vida)<\/td><\/tr><tr><td width=\"92\"><strong>Compras<\/strong><\/td><td width=\"349\">Registo de todas as entregas de bens ou presta\u00e7\u00f5es de servi\u00e7os, aquisi\u00e7\u00f5es intracomunit\u00e1rias importa\u00e7\u00f5es e exporta\u00e7\u00f5es para efeitos de IVA.<\/td><td width=\"192\">5 anos<\/td><\/tr><tr><td rowspan=\"5\" width=\"92\"><strong>Jur\u00eddico<\/strong><\/td><td width=\"349\">Documentos de propriedade intelectual e industrial.<\/td><td rowspan=\"2\" width=\"192\">5 anos<\/td><\/tr><tr><td width=\"349\">Contratos e conven\u00e7\u00f5es.<\/td><\/tr><tr><td rowspan=\"2\" width=\"349\">Autoriza\u00e7\u00f5es, licen\u00e7as, certificados.<\/td><td width=\"192\">6 anos a contar da data de expira\u00e7\u00e3o da autoriza\u00e7\u00e3o, licen\u00e7a ou certificado.<\/td><\/tr><tr><td width=\"192\">10 anos (prescri\u00e7\u00e3o penal)<\/td><\/tr><tr><td width=\"349\">Acordos de confidencialidade e de n\u00e3o concorr\u00eancia.<\/td><td width=\"192\">Sempre o per\u00edodo de dura\u00e7\u00e3o da obriga\u00e7\u00e3o ou da confidencialidade.<\/td><\/tr><tr><td rowspan=\"2\" width=\"92\"><strong>LOPD<\/strong><\/td><td width=\"349\">Tratamento de dados pessoais, se diferente do tratamento notificado \u00e0 AEPD.<\/td><td width=\"192\">3 anos<\/td><\/tr><tr><td width=\"349\">Dados pessoais dos trabalhadores armazenados em redes, computadores e equipamentos de comunica\u00e7\u00e3o utilizados pelos trabalhadores, controlos de acesso e sistemas internos de gest\u00e3o\/administra\u00e7\u00e3o.<\/td><td width=\"192\">5 anos<\/td><\/tr><\/tbody><\/table>\t\t\t\t\t\t<\/div>\n\t\t\t\t<\/div>\n\t\t\t\t\t<\/div>\n\t\t<\/div>\n\t\t\t\t\t<\/div>\n\t\t<\/section>\n\t\t\t\t<\/div>\n\t\t","protected":false},"excerpt":{"rendered":"<p>Pol\u00edtica de privacidade A Pol\u00edtica de Privacidade faz parte das Condi\u00e7\u00f5es Gerais que regem este s\u00edtio Web. Quem \u00e9 o respons\u00e1vel pelo tratamento dos seus dados? Medical 10 S.L. CIF: B93069425 Endere\u00e7o: Camino de San Rafael 119-121, C.P. 29006, de M\u00e1laga. Telefone: 951 335 707 Correio electr\u00f3nico: contacto@medical10.es Pode contactar-nos da forma que desejar. Reservamo-nos [&hellip;]<\/p>\n","protected":false},"author":1,"featured_media":0,"parent":0,"menu_order":0,"comment_status":"closed","ping_status":"closed","template":"elementor_header_footer","meta":{"_acf_changed":false,"footnotes":""},"class_list":["post-22910","page","type-page","status-publish","hentry"],"acf":[],"yoast_head":"<!-- This site is optimized with the Yoast SEO plugin v27.4 - https:\/\/yoast.com\/product\/yoast-seo-wordpress\/ -->\n<title>Pol\u00edtica de Privacidade - Tienda Alpha-Bio Iberia<\/title>\n<meta name=\"description\" content=\"Ofrecemos una soluci\u00f3n 360\u00ba para odont\u00f3logos, implant\u00f3logos y cirujanos en implantolog\u00eda, ROG y odontolog\u00eda digital, acompa\u00f1ado de un amplio programa formativo en Espa\u00f1a y Portugal.\" \/>\n<meta name=\"robots\" content=\"index, follow, max-snippet:-1, max-image-preview:large, max-video-preview:-1\" \/>\n<link rel=\"canonical\" href=\"https:\/\/eshop.alphabio-iberia.com\/politica-de-privacidad\/\" \/>\n<meta property=\"og:locale\" content=\"pt_PT\" \/>\n<meta property=\"og:type\" content=\"article\" \/>\n<meta property=\"og:title\" content=\"Pol\u00edtica de Privacidade - Tienda Alpha-Bio Iberia\" \/>\n<meta property=\"og:description\" content=\"Ofrecemos una soluci\u00f3n 360\u00ba para odont\u00f3logos, implant\u00f3logos y cirujanos en implantolog\u00eda, ROG y odontolog\u00eda digital, acompa\u00f1ado de un amplio programa formativo en Espa\u00f1a y Portugal.\" \/>\n<meta property=\"og:url\" content=\"https:\/\/eshop.alphabio-iberia.com\/politica-de-privacidad\/\" \/>\n<meta property=\"og:site_name\" content=\"Tienda Alpha-Bio Iberia\" \/>\n<meta property=\"article:modified_time\" content=\"2023-05-19T12:48:59+00:00\" \/>\n<meta name=\"twitter:card\" content=\"summary_large_image\" \/>\n<meta name=\"twitter:label1\" content=\"Tempo estimado de leitura\" \/>\n\t<meta name=\"twitter:data1\" content=\"7 minutos\" \/>\n<script type=\"application\/ld+json\" class=\"yoast-schema-graph\">{\"@context\":\"https:\\\/\\\/schema.org\",\"@graph\":[{\"@type\":\"WebPage\",\"@id\":\"https:\\\/\\\/eshop.alphabio-iberia.com\\\/politica-de-privacidad\\\/\",\"url\":\"https:\\\/\\\/eshop.alphabio-iberia.com\\\/politica-de-privacidad\\\/\",\"name\":\"Pol\u00edtica de Privacidade - Tienda Alpha-Bio Iberia\",\"isPartOf\":{\"@id\":\"https:\\\/\\\/eshop.alphabio-iberia.com\\\/#website\"},\"datePublished\":\"2022-01-18T10:09:04+00:00\",\"dateModified\":\"2023-05-19T12:48:59+00:00\",\"description\":\"Ofrecemos una soluci\u00f3n 360\u00ba para odont\u00f3logos, implant\u00f3logos y cirujanos en implantolog\u00eda, ROG y odontolog\u00eda digital, acompa\u00f1ado de un amplio programa formativo en Espa\u00f1a y Portugal.\",\"breadcrumb\":{\"@id\":\"https:\\\/\\\/eshop.alphabio-iberia.com\\\/politica-de-privacidad\\\/#breadcrumb\"},\"inLanguage\":\"pt-PT\",\"potentialAction\":[{\"@type\":\"ReadAction\",\"target\":[\"https:\\\/\\\/eshop.alphabio-iberia.com\\\/politica-de-privacidad\\\/\"]}]},{\"@type\":\"BreadcrumbList\",\"@id\":\"https:\\\/\\\/eshop.alphabio-iberia.com\\\/politica-de-privacidad\\\/#breadcrumb\",\"itemListElement\":[{\"@type\":\"ListItem\",\"position\":1,\"name\":\"Portada\",\"item\":\"https:\\\/\\\/eshop.alphabio-iberia.com\\\/\"},{\"@type\":\"ListItem\",\"position\":2,\"name\":\"Pol\u00edtica de Privacidade\"}]},{\"@type\":\"WebSite\",\"@id\":\"https:\\\/\\\/eshop.alphabio-iberia.com\\\/#website\",\"url\":\"https:\\\/\\\/eshop.alphabio-iberia.com\\\/\",\"name\":\"Tienda Alpha-Bio Iberia\",\"description\":\"Ofrecemos una soluci\u00f3n 360\u00ba para odont\u00f3logos, implant\u00f3logos y cirujanos en implantolog\u00eda, ROG y odontolog\u00eda digital, acompa\u00f1ado de un amplio programa formativo en Espa\u00f1a y Portugal.\",\"publisher\":{\"@id\":\"https:\\\/\\\/eshop.alphabio-iberia.com\\\/#organization\"},\"potentialAction\":[{\"@type\":\"SearchAction\",\"target\":{\"@type\":\"EntryPoint\",\"urlTemplate\":\"https:\\\/\\\/eshop.alphabio-iberia.com\\\/?s={search_term_string}\"},\"query-input\":{\"@type\":\"PropertyValueSpecification\",\"valueRequired\":true,\"valueName\":\"search_term_string\"}}],\"inLanguage\":\"pt-PT\"},{\"@type\":\"Organization\",\"@id\":\"https:\\\/\\\/eshop.alphabio-iberia.com\\\/#organization\",\"name\":\"Medical 10\",\"url\":\"https:\\\/\\\/eshop.alphabio-iberia.com\\\/\",\"logo\":{\"@type\":\"ImageObject\",\"inLanguage\":\"pt-PT\",\"@id\":\"https:\\\/\\\/eshop.alphabio-iberia.com\\\/#\\\/schema\\\/logo\\\/image\\\/\",\"url\":\"https:\\\/\\\/eshop.medical10.es\\\/wp-content\\\/uploads\\\/2021\\\/07\\\/cropped-m10_header_2.png\",\"contentUrl\":\"https:\\\/\\\/eshop.medical10.es\\\/wp-content\\\/uploads\\\/2021\\\/07\\\/cropped-m10_header_2.png\",\"width\":165,\"height\":97,\"caption\":\"Medical 10\"},\"image\":{\"@id\":\"https:\\\/\\\/eshop.alphabio-iberia.com\\\/#\\\/schema\\\/logo\\\/image\\\/\"}}]}<\/script>\n<!-- \/ Yoast SEO plugin. -->","yoast_head_json":{"title":"Pol\u00edtica de Privacidade - Tienda Alpha-Bio Iberia","description":"Ofrecemos una soluci\u00f3n 360\u00ba para odont\u00f3logos, implant\u00f3logos y cirujanos en implantolog\u00eda, ROG y odontolog\u00eda digital, acompa\u00f1ado de un amplio programa formativo en Espa\u00f1a y Portugal.","robots":{"index":"index","follow":"follow","max-snippet":"max-snippet:-1","max-image-preview":"max-image-preview:large","max-video-preview":"max-video-preview:-1"},"canonical":"https:\/\/eshop.alphabio-iberia.com\/politica-de-privacidad\/","og_locale":"pt_PT","og_type":"article","og_title":"Pol\u00edtica de Privacidade - Tienda Alpha-Bio Iberia","og_description":"Ofrecemos una soluci\u00f3n 360\u00ba para odont\u00f3logos, implant\u00f3logos y cirujanos en implantolog\u00eda, ROG y odontolog\u00eda digital, acompa\u00f1ado de un amplio programa formativo en Espa\u00f1a y Portugal.","og_url":"https:\/\/eshop.alphabio-iberia.com\/politica-de-privacidad\/","og_site_name":"Tienda Alpha-Bio Iberia","article_modified_time":"2023-05-19T12:48:59+00:00","twitter_card":"summary_large_image","twitter_misc":{"Tempo estimado de leitura":"7 minutos"},"schema":{"@context":"https:\/\/schema.org","@graph":[{"@type":"WebPage","@id":"https:\/\/eshop.alphabio-iberia.com\/politica-de-privacidad\/","url":"https:\/\/eshop.alphabio-iberia.com\/politica-de-privacidad\/","name":"Pol\u00edtica de Privacidade - Tienda Alpha-Bio Iberia","isPartOf":{"@id":"https:\/\/eshop.alphabio-iberia.com\/#website"},"datePublished":"2022-01-18T10:09:04+00:00","dateModified":"2023-05-19T12:48:59+00:00","description":"Ofrecemos una soluci\u00f3n 360\u00ba para odont\u00f3logos, implant\u00f3logos y cirujanos en implantolog\u00eda, ROG y odontolog\u00eda digital, acompa\u00f1ado de un amplio programa formativo en Espa\u00f1a y Portugal.","breadcrumb":{"@id":"https:\/\/eshop.alphabio-iberia.com\/politica-de-privacidad\/#breadcrumb"},"inLanguage":"pt-PT","potentialAction":[{"@type":"ReadAction","target":["https:\/\/eshop.alphabio-iberia.com\/politica-de-privacidad\/"]}]},{"@type":"BreadcrumbList","@id":"https:\/\/eshop.alphabio-iberia.com\/politica-de-privacidad\/#breadcrumb","itemListElement":[{"@type":"ListItem","position":1,"name":"Portada","item":"https:\/\/eshop.alphabio-iberia.com\/"},{"@type":"ListItem","position":2,"name":"Pol\u00edtica de Privacidade"}]},{"@type":"WebSite","@id":"https:\/\/eshop.alphabio-iberia.com\/#website","url":"https:\/\/eshop.alphabio-iberia.com\/","name":"Tienda Alpha-Bio Iberia","description":"Ofrecemos una soluci\u00f3n 360\u00ba para odont\u00f3logos, implant\u00f3logos y cirujanos en implantolog\u00eda, ROG y odontolog\u00eda digital, acompa\u00f1ado de un amplio programa formativo en Espa\u00f1a y Portugal.","publisher":{"@id":"https:\/\/eshop.alphabio-iberia.com\/#organization"},"potentialAction":[{"@type":"SearchAction","target":{"@type":"EntryPoint","urlTemplate":"https:\/\/eshop.alphabio-iberia.com\/?s={search_term_string}"},"query-input":{"@type":"PropertyValueSpecification","valueRequired":true,"valueName":"search_term_string"}}],"inLanguage":"pt-PT"},{"@type":"Organization","@id":"https:\/\/eshop.alphabio-iberia.com\/#organization","name":"Medical 10","url":"https:\/\/eshop.alphabio-iberia.com\/","logo":{"@type":"ImageObject","inLanguage":"pt-PT","@id":"https:\/\/eshop.alphabio-iberia.com\/#\/schema\/logo\/image\/","url":"https:\/\/eshop.medical10.es\/wp-content\/uploads\/2021\/07\/cropped-m10_header_2.png","contentUrl":"https:\/\/eshop.medical10.es\/wp-content\/uploads\/2021\/07\/cropped-m10_header_2.png","width":165,"height":97,"caption":"Medical 10"},"image":{"@id":"https:\/\/eshop.alphabio-iberia.com\/#\/schema\/logo\/image\/"}}]}},"_links":{"self":[{"href":"https:\/\/eshop.alphabio-iberia.com\/pt-pt\/wp-json\/wp\/v2\/pages\/22910","targetHints":{"allow":["GET"]}}],"collection":[{"href":"https:\/\/eshop.alphabio-iberia.com\/pt-pt\/wp-json\/wp\/v2\/pages"}],"about":[{"href":"https:\/\/eshop.alphabio-iberia.com\/pt-pt\/wp-json\/wp\/v2\/types\/page"}],"author":[{"embeddable":true,"href":"https:\/\/eshop.alphabio-iberia.com\/pt-pt\/wp-json\/wp\/v2\/users\/1"}],"replies":[{"embeddable":true,"href":"https:\/\/eshop.alphabio-iberia.com\/pt-pt\/wp-json\/wp\/v2\/comments?post=22910"}],"version-history":[{"count":0,"href":"https:\/\/eshop.alphabio-iberia.com\/pt-pt\/wp-json\/wp\/v2\/pages\/22910\/revisions"}],"wp:attachment":[{"href":"https:\/\/eshop.alphabio-iberia.com\/pt-pt\/wp-json\/wp\/v2\/media?parent=22910"}],"curies":[{"name":"wp","href":"https:\/\/api.w.org\/{rel}","templated":true}]}}